{"id":5869,"date":"2024-09-13T10:36:56","date_gmt":"2024-09-13T08:36:56","guid":{"rendered":"https:\/\/athletes.ch\/projektwoche-semaine-de-projet\/"},"modified":"2025-10-02T08:42:41","modified_gmt":"2025-10-02T06:42:41","slug":"projektwoche-semaine-de-projet","status":"publish","type":"page","link":"https:\/\/athletes.ch\/fr\/projektwoche-semaine-de-projet\/","title":{"rendered":"Projektwoche (semaine de projet)"},"content":{"rendered":"\t\t<div data-elementor-type=\"wp-page\" data-elementor-id=\"5869\" class=\"elementor elementor-5869 elementor-181\" data-elementor-post-type=\"page\">\n\t\t\t\t<div class=\"elementor-element elementor-element-e22bbb7 e-flex e-con-boxed e-con e-parent\" data-id=\"e22bbb7\" data-element_type=\"container\" data-e-type=\"container\" data-settings=\"{&quot;background_background&quot;:&quot;classic&quot;}\">\n\t\t\t\t\t<div class=\"e-con-inner\">\n\t\t<div class=\"elementor-element elementor-element-76b49c6 e-con-full e-flex e-con e-child\" data-id=\"76b49c6\" data-element_type=\"container\" data-e-type=\"container\">\n\t\t\t\t<div class=\"elementor-element elementor-element-1c1abb1 elementor-widget__width-inherit elementor-widget elementor-widget-heading\" data-id=\"1c1abb1\" data-element_type=\"widget\" data-e-type=\"widget\" data-widget_type=\"heading.default\">\n\t\t\t\t<div class=\"elementor-widget-container\">\n\t\t\t\t\t<h1 class=\"elementor-heading-title elementor-size-default\">Projekt<br>woche<\/h1>\t\t\t\t<\/div>\n\t\t\t\t<\/div>\n\t\t\t\t<div class=\"elementor-element elementor-element-f76b393 elementor-widget elementor-widget-text-editor\" data-id=\"f76b393\" data-element_type=\"widget\" data-e-type=\"widget\" data-widget_type=\"text-editor.default\">\n\t\t\t\t<div class=\"elementor-widget-container\">\n\t\t\t\t\t\t\t\t\t<p>Une semaine de projet est une semaine r\u00e9gionale destin\u00e9e aux enfants et adolescents \u00e2g\u00e9s de 6 \u00e0 16 ans. Diff\u00e9rents camps sportifs et de loisirs sont propos\u00e9s au choix. Une semaine de projet est organis\u00e9e par une \u00e9quipe locale compos\u00e9e d&rsquo;\u00e9glises et d&rsquo;associations.<\/p>\n\t\t\t\t\t\t\t\t<\/div>\n\t\t\t\t<\/div>\n\t\t\t\t<div class=\"elementor-element elementor-element-0759619 elementor-widget__width-inherit elementor-hidden-desktop elementor-hidden-tablet elementor-widget elementor-widget-image\" data-id=\"0759619\" data-element_type=\"widget\" data-e-type=\"widget\" data-widget_type=\"image.default\">\n\t\t\t\t<div class=\"elementor-widget-container\">\n\t\t\t\t\t\t\t\t\t\t\t\t\t\t\t<img loading=\"lazy\" decoding=\"async\" width=\"770\" height=\"1024\" src=\"https:\/\/athletes.ch\/wp-content\/uploads\/2024\/10\/projektwoche-aia-770x1024.png\" class=\"attachment-large size-large wp-image-4272\" alt=\"Logo Projektwoche AiA\" srcset=\"https:\/\/athletes.ch\/wp-content\/uploads\/2024\/10\/projektwoche-aia-770x1024.png 770w, https:\/\/athletes.ch\/wp-content\/uploads\/2024\/10\/projektwoche-aia-226x300.png 226w, https:\/\/athletes.ch\/wp-content\/uploads\/2024\/10\/projektwoche-aia-768x1021.png 768w, https:\/\/athletes.ch\/wp-content\/uploads\/2024\/10\/projektwoche-aia-1155x1536.png 1155w, https:\/\/athletes.ch\/wp-content\/uploads\/2024\/10\/projektwoche-aia.png 1310w\" sizes=\"(max-width: 770px) 100vw, 770px\" \/>\t\t\t\t\t\t\t\t\t\t\t\t\t\t\t<\/div>\n\t\t\t\t<\/div>\n\t\t\t\t<div class=\"elementor-element elementor-element-d7e4e7c elementor-widget elementor-widget-text-editor\" data-id=\"d7e4e7c\" data-element_type=\"widget\" data-e-type=\"widget\" data-widget_type=\"text-editor.default\">\n\t\t\t\t<div class=\"elementor-widget-container\">\n\t\t\t\t\t\t\t\t\t<p>La semaine de projet est encadr\u00e9e par des entra\u00eeneurs hautement qualifi\u00e9s. Le plaisir est au premier plan, c&rsquo;est pourquoi chaque camp peut \u00eatre suivi sans connaissances pr\u00e9alables.<\/p>\n<p>Du lundi au vendredi, les enfants et les adolescents s&rsquo;entra\u00eenent et pratiquent leur sport ou leur hobby sous la direction de sp\u00e9cialistes pendant la journ\u00e9e. Ils passent la nuit chez eux.<\/p>\n<p>\u00c0 la fin de la semaine, un spectacle ou un tournoi est g\u00e9n\u00e9ralement organis\u00e9 pour les visiteurs, mais les parents, les proches et les connaissances sont \u00e9galement les bienvenus pour venir jeter un \u0153il.<\/p>\n<p>Participe, invite tes amis et apporte ton aide !<\/p>\n\t\t\t\t\t\t\t\t<\/div>\n\t\t\t\t<\/div>\n\t\t\t\t<\/div>\n\t\t<div class=\"elementor-element elementor-element-264599e e-con-full elementor-hidden-mobile e-flex e-con e-child\" data-id=\"264599e\" data-element_type=\"container\" data-e-type=\"container\">\n\t\t\t\t<div class=\"elementor-element elementor-element-f9d2862 elementor-widget__width-inherit elementor-widget elementor-widget-image\" data-id=\"f9d2862\" data-element_type=\"widget\" data-e-type=\"widget\" data-settings=\"{&quot;sticky&quot;:&quot;top&quot;,&quot;sticky_on&quot;:[&quot;desktop&quot;],&quot;sticky_offset&quot;:1,&quot;sticky_parent&quot;:&quot;yes&quot;,&quot;sticky_effects_offset&quot;:0,&quot;sticky_anchor_link_offset&quot;:0}\" data-widget_type=\"image.default\">\n\t\t\t\t<div class=\"elementor-widget-container\">\n\t\t\t\t\t\t\t\t\t\t\t\t\t\t\t<img loading=\"lazy\" decoding=\"async\" width=\"770\" height=\"1024\" src=\"https:\/\/athletes.ch\/wp-content\/uploads\/2024\/10\/projektwoche-aia-770x1024.png\" class=\"attachment-large size-large wp-image-4272\" alt=\"Logo Projektwoche AiA\" srcset=\"https:\/\/athletes.ch\/wp-content\/uploads\/2024\/10\/projektwoche-aia-770x1024.png 770w, https:\/\/athletes.ch\/wp-content\/uploads\/2024\/10\/projektwoche-aia-226x300.png 226w, https:\/\/athletes.ch\/wp-content\/uploads\/2024\/10\/projektwoche-aia-768x1021.png 768w, https:\/\/athletes.ch\/wp-content\/uploads\/2024\/10\/projektwoche-aia-1155x1536.png 1155w, https:\/\/athletes.ch\/wp-content\/uploads\/2024\/10\/projektwoche-aia.png 1310w\" sizes=\"(max-width: 770px) 100vw, 770px\" \/>\t\t\t\t\t\t\t\t\t\t\t\t\t\t\t<\/div>\n\t\t\t\t<\/div>\n\t\t\t\t<\/div>\n\t\t\t\t\t<\/div>\n\t\t\t\t<\/div>\n\t\t<div class=\"elementor-element elementor-element-197521c e-flex e-con-boxed e-con e-parent\" data-id=\"197521c\" data-element_type=\"container\" data-e-type=\"container\" data-settings=\"{&quot;background_background&quot;:&quot;classic&quot;}\">\n\t\t\t\t\t<div class=\"e-con-inner\">\n\t\t<div class=\"elementor-element elementor-element-fa618ed e-con-full e-flex e-con e-child\" data-id=\"fa618ed\" data-element_type=\"container\" data-e-type=\"container\">\n\t\t\t\t<div class=\"elementor-element elementor-element-1f12054 elementor-widget-mobile__width-initial elementor-hidden-desktop elementor-hidden-tablet elementor-widget elementor-widget-text-editor\" data-id=\"1f12054\" data-element_type=\"widget\" data-e-type=\"widget\" data-widget_type=\"text-editor.default\">\n\t\t\t\t<div class=\"elementor-widget-container\">\n\t\t\t\t\t\t\t\t\t<p>Matthias Maurer,<br \/>responsable Projektwoche Suisse<\/p>\n\t\t\t\t\t\t\t\t<\/div>\n\t\t\t\t<\/div>\n\t\t\t\t<div class=\"elementor-element elementor-element-702655e elementor-widget-mobile__width-initial elementor-widget elementor-widget-image\" data-id=\"702655e\" data-element_type=\"widget\" data-e-type=\"widget\" data-widget_type=\"image.default\">\n\t\t\t\t<div class=\"elementor-widget-container\">\n\t\t\t\t\t\t\t\t\t\t\t\t\t\t\t<img loading=\"lazy\" decoding=\"async\" width=\"663\" height=\"1024\" src=\"https:\/\/athletes.ch\/wp-content\/uploads\/2024\/10\/241025-matthias-663x1024.png\" class=\"attachment-large size-large wp-image-4273\" alt=\"Zwei M\u00e4nner stehen nebeneinander, beide l\u00e4cheln und zeigen den Daumen nach oben und tragen Sportkleidung.\" srcset=\"https:\/\/athletes.ch\/wp-content\/uploads\/2024\/10\/241025-matthias-663x1024.png 663w, https:\/\/athletes.ch\/wp-content\/uploads\/2024\/10\/241025-matthias-194x300.png 194w, https:\/\/athletes.ch\/wp-content\/uploads\/2024\/10\/241025-matthias-768x1186.png 768w, https:\/\/athletes.ch\/wp-content\/uploads\/2024\/10\/241025-matthias-995x1536.png 995w, https:\/\/athletes.ch\/wp-content\/uploads\/2024\/10\/241025-matthias-1326x2048.png 1326w\" sizes=\"(max-width: 663px) 100vw, 663px\" \/>\t\t\t\t\t\t\t\t\t\t\t\t\t\t\t<\/div>\n\t\t\t\t<\/div>\n\t\t\t\t<\/div>\n\t\t<div class=\"elementor-element elementor-element-3891f3d e-con-full e-flex e-con e-child\" data-id=\"3891f3d\" data-element_type=\"container\" data-e-type=\"container\">\n\t\t\t\t<div class=\"elementor-element elementor-element-90fae78 elementor-widget elementor-widget-text-editor\" data-id=\"90fae78\" data-element_type=\"widget\" data-e-type=\"widget\" data-widget_type=\"text-editor.default\">\n\t\t\t\t<div class=\"elementor-widget-container\">\n\t\t\t\t\t\t\t\t\t<p>\u00ab La semaine de projet me tient particuli\u00e8rement \u00e0 c\u0153ur. Nous touchons d\u00e9j\u00e0 plus de 1 000 enfants par an en Suisse avec cette offre. Elle allie sport et foi d&rsquo;une mani\u00e8re tr\u00e8s accessible, authentique et joyeuse. C&rsquo;est pourquoi je mets tout en \u0153uvre pour que d&rsquo;autres r\u00e9gions s&rsquo;y ajoutent dans les ann\u00e9es \u00e0 venir. \u00bb<\/p>\n\t\t\t\t\t\t\t\t<\/div>\n\t\t\t\t<\/div>\n\t\t\t\t<div class=\"elementor-element elementor-element-4c09ef0 elementor-hidden-mobile elementor-widget elementor-widget-text-editor\" data-id=\"4c09ef0\" data-element_type=\"widget\" data-e-type=\"widget\" data-widget_type=\"text-editor.default\">\n\t\t\t\t<div class=\"elementor-widget-container\">\n\t\t\t\t\t\t\t\t\t<p>Matthias Maurer,<br \/>responsable Projektwoche Suisse<\/p>\n\t\t\t\t\t\t\t\t<\/div>\n\t\t\t\t<\/div>\n\t\t\t\t<\/div>\n\t\t\t\t\t<\/div>\n\t\t\t\t<\/div>\n\t\t<div class=\"elementor-element elementor-element-04c29b3 e-flex e-con-boxed e-con e-parent\" data-id=\"04c29b3\" data-element_type=\"container\" data-e-type=\"container\" data-settings=\"{&quot;background_background&quot;:&quot;classic&quot;}\">\n\t\t\t\t\t<div class=\"e-con-inner\">\n\t\t<div class=\"elementor-element elementor-element-3ba0ea9 e-con-full e-flex e-con e-child\" data-id=\"3ba0ea9\" data-element_type=\"container\" data-e-type=\"container\">\n\t\t\t\t<div class=\"elementor-element elementor-element-af5e59c elementor-widget elementor-widget-text-editor\" data-id=\"af5e59c\" data-element_type=\"widget\" data-e-type=\"widget\" data-widget_type=\"text-editor.default\">\n\t\t\t\t<div class=\"elementor-widget-container\">\n\t\t\t\t\t\t\t\t\t<p>Si tu souhaites te lancer dans une nouvelle aventure et organiser une semaine de projet dans ta r\u00e9gion, n&rsquo;h\u00e9site pas \u00e0 nous contacter. Nous serons ravis de t&rsquo;aider !<\/p>\n\t\t\t\t\t\t\t\t<\/div>\n\t\t\t\t<\/div>\n\t\t\t\t<div class=\"elementor-element elementor-element-5537891 elementor-widget elementor-widget-button\" data-id=\"5537891\" data-element_type=\"widget\" data-e-type=\"widget\" data-widget_type=\"button.default\">\n\t\t\t\t<div class=\"elementor-widget-container\">\n\t\t\t\t\t\t\t\t\t<div class=\"elementor-button-wrapper\">\n\t\t\t\t\t<a class=\"elementor-button elementor-button-link elementor-size-sm\" href=\"https:\/\/athletes.ch\/fr\/contact\/\">\n\t\t\t\t\t\t<span class=\"elementor-button-content-wrapper\">\n\t\t\t\t\t\t\t\t\t<span class=\"elementor-button-text\">Contact<\/span>\n\t\t\t\t\t<\/span>\n\t\t\t\t\t<\/a>\n\t\t\t\t<\/div>\n\t\t\t\t\t\t\t\t<\/div>\n\t\t\t\t<\/div>\n\t\t\t\t<div class=\"elementor-element elementor-element-2ab478e elementor-widget elementor-widget-text-editor\" data-id=\"2ab478e\" data-element_type=\"widget\" data-e-type=\"widget\" data-widget_type=\"text-editor.default\">\n\t\t\t\t<div class=\"elementor-widget-container\">\n\t\t\t\t\t\t\t\t\t<p>Rendez-vous sur projektwoche.ch pour obtenir des informations g\u00e9n\u00e9rales, les derni\u00e8res actualit\u00e9s et vous inscrire.<\/p>\n\t\t\t\t\t\t\t\t<\/div>\n\t\t\t\t<\/div>\n\t\t\t\t<div class=\"elementor-element elementor-element-29b5806 elementor-widget elementor-widget-button\" data-id=\"29b5806\" data-element_type=\"widget\" data-e-type=\"widget\" data-widget_type=\"button.default\">\n\t\t\t\t<div class=\"elementor-widget-container\">\n\t\t\t\t\t\t\t\t\t<div class=\"elementor-button-wrapper\">\n\t\t\t\t\t<a class=\"elementor-button elementor-button-link elementor-size-sm\" href=\"https:\/\/projektwoche.ch\/\" target=\"_blank\">\n\t\t\t\t\t\t<span class=\"elementor-button-content-wrapper\">\n\t\t\t\t\t\t\t\t\t<span class=\"elementor-button-text\">projektwoche.ch<\/span>\n\t\t\t\t\t<\/span>\n\t\t\t\t\t<\/a>\n\t\t\t\t<\/div>\n\t\t\t\t\t\t\t\t<\/div>\n\t\t\t\t<\/div>\n\t\t\t\t<\/div>\n\t\t<div class=\"elementor-element elementor-element-5e97532 e-con-full e-flex e-con e-child\" data-id=\"5e97532\" data-element_type=\"container\" data-e-type=\"container\">\n\t\t\t\t<div class=\"elementor-element elementor-element-235261a elementor-widget elementor-widget-image\" data-id=\"235261a\" data-element_type=\"widget\" data-e-type=\"widget\" data-widget_type=\"image.default\">\n\t\t\t\t<div class=\"elementor-widget-container\">\n\t\t\t\t\t\t\t\t\t\t\t\t\t\t\t<img loading=\"lazy\" decoding=\"async\" width=\"582\" height=\"1024\" src=\"https:\/\/athletes.ch\/wp-content\/uploads\/2024\/10\/band-projektwoche-582x1024.png\" class=\"attachment-large size-large wp-image-4274\" alt=\"\" srcset=\"https:\/\/athletes.ch\/wp-content\/uploads\/2024\/10\/band-projektwoche-582x1024.png 582w, https:\/\/athletes.ch\/wp-content\/uploads\/2024\/10\/band-projektwoche-171x300.png 171w, https:\/\/athletes.ch\/wp-content\/uploads\/2024\/10\/band-projektwoche-768x1351.png 768w, https:\/\/athletes.ch\/wp-content\/uploads\/2024\/10\/band-projektwoche-873x1536.png 873w, https:\/\/athletes.ch\/wp-content\/uploads\/2024\/10\/band-projektwoche-1164x2048.png 1164w\" sizes=\"(max-width: 582px) 100vw, 582px\" \/>\t\t\t\t\t\t\t\t\t\t\t\t\t\t\t<\/div>\n\t\t\t\t<\/div>\n\t\t\t\t<\/div>\n\t\t\t\t\t<\/div>\n\t\t\t\t<\/div>\n\t\t<div class=\"elementor-element elementor-element-3ff8f88 e-flex e-con-boxed e-con e-parent\" data-id=\"3ff8f88\" data-element_type=\"container\" data-e-type=\"container\" data-settings=\"{&quot;background_background&quot;:&quot;classic&quot;}\">\n\t\t\t\t\t<div class=\"e-con-inner\">\n\t\t\t\t<div class=\"elementor-element elementor-element-8d80638 elementor-widget elementor-widget-text-editor\" data-id=\"8d80638\" data-element_type=\"widget\" data-e-type=\"widget\" data-widget_type=\"text-editor.default\">\n\t\t\t\t<div class=\"elementor-widget-container\">\n\t\t\t\t\t\t\t\t\t<p>Voici un aper\u00e7u des prochaines<br \/>semaines de projet :<\/p>\n\t\t\t\t\t\t\t\t<\/div>\n\t\t\t\t<\/div>\n\t\t\t\t<div class=\"elementor-element elementor-element-4d2ec3a elementor-widget elementor-widget-ucaddon_custom_accordion\" data-id=\"4d2ec3a\" data-element_type=\"widget\" data-e-type=\"widget\" data-widget_type=\"ucaddon_custom_accordion.default\">\n\t\t\t\t<div class=\"elementor-widget-container\">\n\t\t\t\t\t\n<!-- start Custom Accordion -->\n\t\t<link id='font-awesome-css' href='https:\/\/athletes.ch\/wp-content\/plugins\/unlimited-elements-for-elementor-premium\/assets_libraries\/font-awesome6\/fontawesome-all.min.css' type='text\/css' rel='stylesheet' >\n\t\t<link id='font-awesome-4-shim-css' href='https:\/\/athletes.ch\/wp-content\/plugins\/unlimited-elements-for-elementor-premium\/assets_libraries\/font-awesome6\/fontawesome-v4-shims.min.css' type='text\/css' rel='stylesheet' >\n\n<style>\/* widget: Custom Accordion *\/\n\n#uc_custom_accordion_elementor_4d2ec3a *{\n  box-sizing: border-box;\n}\n\n#uc_custom_accordion_elementor_4d2ec3a .uc_container .uc-heading{\n  display:flex;\n  align-items:center;\n  overflow:hidden;\n  cursor:pointer;\n\n}\n#uc_custom_accordion_elementor_4d2ec3a .uc_container .uc_content{\n  display:none;\n}\n\n#uc_custom_accordion_elementor_4d2ec3a .uc_ac_box{\n\tposition: relative;\n}\n\n#uc_custom_accordion_elementor_4d2ec3a .uc_ac_box .container-image{\n\tposition: absolute;\n  \theight: 250px;\n  \twidth: 250px;\n    top: 16px;\n    right: 0;\n    transform: translateX(0) scale(1);\n    z-index: 10;\n  \ttransform-origin: top center;\n  \n  \ttransition: transform .6s ease-out;\n}\n\n\n#uc_custom_accordion_elementor_4d2ec3a .uc_ac_box:nth-of-type(even) .container-image{\n\ttransform: translateX(-50%) scale(1);\n}\n\n\n#uc_custom_accordion_elementor_4d2ec3a .uc_ac_box.uc-item-active .container-image {\n  transform: translateX(-50%) scale(1.2);\n  transition: transform 1.2s ease-out;\n}\n\n\n#uc_custom_accordion_elementor_4d2ec3a .uc_ac_box .container-mobile-image {\n\tdisplay: none;\n}\n\n#uc_custom_accordion_elementor_4d2ec3a .uc_ac_box:last-of-type{\n  border-bottom: 1px solid currentColor;\n}\n\n#uc_custom_accordion_elementor_4d2ec3a .uc_ac_box_title {\n  width: 100%;\n  display: flex;\n  align-items: end;\n  justify-content: space-between;\n  gap: 100px;\n}\n\n#uc_custom_accordion_elementor_4d2ec3a .uc_ac_box_title .left {\n  flex-basis: 61ch;\n}\n\n\n#uc_custom_accordion_elementor_4d2ec3a .uc_ac_box .button-toggle{\n  width: 100%;\n  display: flex;\n  flex-direction: column;\n  align-items: center;\n  margin-bottom: 24px;\n}\n\n#uc_custom_accordion_elementor_4d2ec3a .uc_ac_box .button-toggle .text-close {\n  display:none\n}\n\n#uc_custom_accordion_elementor_4d2ec3a .uc_ac_box .button-toggle svg{\n  height: 36px;\n  width: 36px;\n  transition: transform ease 300ms;\n}\n\n#uc_custom_accordion_elementor_4d2ec3a .uc_ac_box.uc-item-active .button-toggle svg {\n  transform: rotate(180deg)\n}\n\n#uc_custom_accordion_elementor_4d2ec3a .uc_ac_box.uc-item-active .button-toggle .text-close {\n  display:inline;\n}\n\n#uc_custom_accordion_elementor_4d2ec3a .uc_ac_box.uc-item-active .button-toggle .text-open {\n  display:none;\n}\n\n#uc_custom_accordion_elementor_4d2ec3a .uc_ac_box.uc-item-active span.uc_dactive{\n  display:none;\n}\n\n#uc_custom_accordion_elementor_4d2ec3a .uc_ac_box:not(.uc-item-active) span.uc_active{\n  display:none;\n}\n\n.not-found {\n  color: var(--e-global-color-88b111d);\n  font-size: 26px !important;\n  padding: 16px 0px 16px 0px;\n}\n\n\/* Tablets *\/\n@media screen and (max-width:64em){ \n  #uc_custom_accordion_elementor_4d2ec3a .uc_ac_box .container-image{\n    height: 200px;\n  \twidth: 200px;\n    top:0;\n    transform: translate(0, 30%) scale(1);\n\t}\n  \n  #uc_custom_accordion_elementor_4d2ec3a .uc_ac_box:nth-of-type(even) .container-image{\n\ttransform: translate(0, 30%) scale(1);\n\t}\n  \n    #uc_custom_accordion_elementor_4d2ec3a .uc_ac_box.uc-item-active .container-image {\n\ttransform: translate(0, 0) scale(1); \t\n\t} \n}\n\n\/* Phones *\/\n@media screen and (max-width: 48em){\n  #uc_custom_accordion_elementor_4d2ec3a .uc_ac_box .container-image{\n    \tdisplay: none;\n\t}\n  \n\t#uc_custom_accordion_elementor_4d2ec3a .uc_ac_box .container-mobile-image {\n\t\tdisplay: block;\n\t}\n}\n\n<\/style>\n\n\n\n\n\n<div class=\"uc_material_accordion  \" id=\"uc_custom_accordion_elementor_4d2ec3a\" data-name=\"\" data-scroll=\"off\" data-offset=\"0\"  >\n  <div class=\"uc_container uc-items-wrapper\">\n        \t\n\n\n<div class=\"uc_ac_box  heading-color\">\n  <div class=\"uc-heading uc_trigger\">    \n    <div class=\"uc_ac_box_title\">\n      <div class=\"left\">\n        <div class=\"scrollup-el\"><\/div>\n        <h3 class=\"ue_heading_title heading-color\">Projektwoche B\u00fclach <\/h3>\n      \n\n                <h4 class=\"ue_heading_date\">10.08.2026 \u2013 14.08.2026<\/h4>        \n               <h4 class=\"ue_heading_city\">Baptistengemeinde B\u00fclach<\/h4>\n                \n        <div class=\"container-mobile-image\">\n                \t\t<img decoding=\"async\" src=\"https:\/\/cfc-ch.church.tools\/images\/1116\/a842a0a5ae1084d0d2965e6a653373d4989da07d0b52ec78aa6b6c984342293c?h=500&amp;w=500\"\/>\n             <\/div>\n      <\/div>\n    <\/div>  \n  <\/div>\n  <div class=\"uc_content\" > \n        \t\t<div data-elementor-type=\"loop-item\" data-elementor-id=\"3917\" class=\"elementor elementor-3917 e-loop-item e-loop-item-6058 post-6058 projektwoche type-projektwoche status-publish hentry\" data-elementor-post-type=\"elementor_library\" data-custom-edit-handle=\"1\">\n\t\t\t<div class=\"elementor-element elementor-element-c3d07b0 e-con-full e-flex e-con e-parent\" data-id=\"c3d07b0\" data-element_type=\"container\" data-e-type=\"container\" data-settings=\"{&quot;background_background&quot;:&quot;classic&quot;}\">\n\t\t<div class=\"elementor-element elementor-element-290eeea e-con-full e-flex e-con e-child\" data-id=\"290eeea\" data-element_type=\"container\" data-e-type=\"container\">\n\t\t\t\t<div class=\"elementor-element elementor-element-f885b46 elementor-widget elementor-widget-text-editor\" data-id=\"f885b46\" data-element_type=\"widget\" data-e-type=\"widget\" data-widget_type=\"text-editor.default\">\n\t\t\t\t<div class=\"elementor-widget-container\">\n\t\t\t\t\t\t\t\t\t<h3>Das Ferienangebot f\u00fcr B\u00fclach und Region<\/h3>\n<p>Die Projektwoche B\u00fclach bietet dir viel Spass und eine abwechslungsreiche Woche. Trainieren mit Profis, Abenteuer erleben und dabei neue Freundschaften kn\u00fcpfen.<\/p>\n\t\t\t\t\t\t\t\t<\/div>\n\t\t\t\t<\/div>\n\t\t<div class=\"elementor-element elementor-element-60effb3 e-con-full e-flex e-con e-child\" data-id=\"60effb3\" data-element_type=\"container\" data-e-type=\"container\">\n\t\t\t\t<\/div>\n\t\t\t\t<\/div>\n\t\t<div class=\"elementor-element elementor-element-1e5f6f8 e-con-full e-flex e-con e-child\" data-id=\"1e5f6f8\" data-element_type=\"container\" data-e-type=\"container\">\n\t\t<div class=\"elementor-element elementor-element-755dcfe e-con-full e-flex e-con e-child\" data-id=\"755dcfe\" data-element_type=\"container\" data-e-type=\"container\">\n\t\t\t\t<div class=\"elementor-element elementor-element-3920cfe elementor-widget elementor-widget-heading\" data-id=\"3920cfe\" data-element_type=\"widget\" data-e-type=\"widget\" data-widget_type=\"heading.default\">\n\t\t\t\t<div class=\"elementor-widget-container\">\n\t\t\t\t\t<h3 class=\"elementor-heading-title elementor-size-default\">Datum<\/h3>\t\t\t\t<\/div>\n\t\t\t\t<\/div>\n\t\t<div class=\"elementor-element elementor-element-2483426 e-con-full e-flex e-con e-child\" data-id=\"2483426\" data-element_type=\"container\" data-e-type=\"container\">\n\t\t\t\t<div class=\"elementor-element elementor-element-eec5c3c elementor-widget elementor-widget-heading\" data-id=\"eec5c3c\" data-element_type=\"widget\" data-e-type=\"widget\" data-widget_type=\"heading.default\">\n\t\t\t\t<div class=\"elementor-widget-container\">\n\t\t\t\t\t<p class=\"elementor-heading-title elementor-size-default\">10.08.2026<\/p>\t\t\t\t<\/div>\n\t\t\t\t<\/div>\n\t\t\t\t<div class=\"elementor-element elementor-element-5d0337d elementor-widget elementor-widget-heading\" data-id=\"5d0337d\" data-element_type=\"widget\" data-e-type=\"widget\" data-widget_type=\"heading.default\">\n\t\t\t\t<div class=\"elementor-widget-container\">\n\t\t\t\t\t<p class=\"elementor-heading-title elementor-size-default\">\u2013<\/p>\t\t\t\t<\/div>\n\t\t\t\t<\/div>\n\t\t\t\t<div class=\"elementor-element elementor-element-53b57e3 elementor-widget elementor-widget-heading\" data-id=\"53b57e3\" data-element_type=\"widget\" data-e-type=\"widget\" data-widget_type=\"heading.default\">\n\t\t\t\t<div class=\"elementor-widget-container\">\n\t\t\t\t\t<p class=\"elementor-heading-title elementor-size-default\">14.08.2026<\/p>\t\t\t\t<\/div>\n\t\t\t\t<\/div>\n\t\t\t\t<\/div>\n\t\t\t\t<\/div>\n\t\t\t\t<div class=\"elementor-element elementor-element-bf91ddf elementor-widget elementor-widget-heading\" data-id=\"bf91ddf\" data-element_type=\"widget\" data-e-type=\"widget\" data-widget_type=\"heading.default\">\n\t\t\t\t<div class=\"elementor-widget-container\">\n\t\t\t\t\t<p class=\"elementor-heading-title elementor-size-default\"><h3>Ort<\/h3>Baptistengemeinde B\u00fclach<\/p>\t\t\t\t<\/div>\n\t\t\t\t<\/div>\n\t\t<div class=\"elementor-element elementor-element-112c141e e-con-full e-flex e-con e-child\" data-id=\"112c141e\" data-element_type=\"container\" data-e-type=\"container\">\n\t\t\t\t<div class=\"elementor-element elementor-element-737b837b button-camp-popup elementor-widget elementor-widget-button\" data-id=\"737b837b\" data-element_type=\"widget\" data-e-type=\"widget\" data-widget_type=\"button.default\">\n\t\t\t\t<div class=\"elementor-widget-container\">\n\t\t\t\t\t\t\t\t\t<div class=\"elementor-button-wrapper\">\n\t\t\t\t\t<a class=\"elementor-button elementor-button-link elementor-size-sm\" href=\"https:\/\/bue.projektwoche.ch\/pages\/bulach\" target=\"_blank\" id=\"6058\">\n\t\t\t\t\t\t<span class=\"elementor-button-content-wrapper\">\n\t\t\t\t\t\t\t\t\t<span class=\"elementor-button-text\">Anmelden<\/span>\n\t\t\t\t\t<\/span>\n\t\t\t\t\t<\/a>\n\t\t\t\t<\/div>\n\t\t\t\t\t\t\t\t<\/div>\n\t\t\t\t<\/div>\n\t\t\t\t<div class=\"elementor-element elementor-element-2c1b07bf elementor-widget elementor-widget-off-canvas\" data-id=\"2c1b07bf\" data-element_type=\"widget\" data-e-type=\"widget\" data-widget_type=\"off-canvas.default\">\n\t\t\t\t<div class=\"elementor-widget-container\">\n\t\t\t\t\t\t\t<div id=\"off-canvas-2c1b07bf\" class=\"e-off-canvas\" role=\"dialog\" aria-hidden=\"true\" aria-label=\"Anmeldung\" aria-modal=\"true\" inert=\"\" data-delay-child-handlers=\"true\">\n\t\t\t<div class=\"e-off-canvas__overlay\"><\/div>\n\t\t\t<div class=\"e-off-canvas__main\">\n\t\t\t\t<div class=\"e-off-canvas__content\">\n\t\t\t\t\t<div class=\"elementor-element elementor-element-60fd15c3 e-con-full e-flex e-con e-child\" data-id=\"60fd15c3\" data-element_type=\"container\" data-e-type=\"container\">\n\t\t\t\t<div class=\"elementor-element elementor-element-1fbc3839 elementor-align-right elementor-widget elementor-widget-button\" data-id=\"1fbc3839\" data-element_type=\"widget\" data-e-type=\"widget\" data-widget_type=\"button.default\">\n\t\t\t\t<div class=\"elementor-widget-container\">\n\t\t\t\t\t\t\t\t\t<div class=\"elementor-button-wrapper\">\n\t\t\t\t\t<a class=\"elementor-button elementor-button-link elementor-size-sm\" href=\"#elementor-action%3Aaction%3Doff_canvas%3Aclose%26settings%3DeyJpZCI6IjJjMWIwN2JmIiwiZGlzcGxheU1vZGUiOiJjbG9zZSJ9\">\n\t\t\t\t\t\t<span class=\"elementor-button-content-wrapper\">\n\t\t\t\t\t\t\t\t\t<span class=\"elementor-button-text\">Schliessen<\/span>\n\t\t\t\t\t<\/span>\n\t\t\t\t\t<\/a>\n\t\t\t\t<\/div>\n\t\t\t\t\t\t\t\t<\/div>\n\t\t\t\t<\/div>\n\t\t\t\t<div class=\"elementor-element elementor-element-74f2e7a6 elementor-widget elementor-widget-shortcode\" data-id=\"74f2e7a6\" data-element_type=\"widget\" data-e-type=\"widget\" data-widget_type=\"shortcode.default\">\n\t\t\t\t<div class=\"elementor-widget-container\">\n\t\t\t\t\t\t\t<div class=\"elementor-shortcode\"><iframe src=\"https:\/\/cfc-ch.church.tools\/publicgroup\/660?embedded=true&only-form=true&theme_css=https:\/\/athletes.ch\/wp-content\/themes\/morntag-Hello-Child\/churchtools-anmeldung-flat.css?ver=1.0.4\" width=\"100%\" style=\"border-width:0px\" height=\"600px\"><\/iframe><\/div>\n\t\t\t\t\t\t<\/div>\n\t\t\t\t<\/div>\n\t\t\t\t<\/div>\n\t\t\t\t\t\t<\/div>\n\t\t\t<\/div>\n\t\t<\/div>\n\t\t\t\t\t\t<\/div>\n\t\t\t\t<\/div>\n\t\t\t\t<\/div>\n\t\t\t\t<\/div>\n\t\t\t\t<\/div>\n\t\t\t\t<\/div>\n\t\t\n  <\/div>\n  \n <button class=\"button-toggle\">\n    <span class=\"text-open\">Plus d&#039;informations<\/span>\n   <div>\n        <svg xmlns='http:\/\/www.w3.org\/2000\/svg' viewBox='0 0 39.07 24.26'>\n  \t\t\t<path fill=\"currentColor\" transform=\"rotate(90 19.535 19.535)\" d='M0,0v6.32l21.77,13.21L0,32.75v6.32l24.26-15.08v-8.83L0,0Z'><\/path>\n\t\t<\/svg>\n   <\/div>\n\n    <span class=\"text-close\">Fermer<\/span>\n  <\/button>\n    \n  \t<div class=\"container-image\">\n                \t\t<img decoding=\"async\" src=\"https:\/\/cfc-ch.church.tools\/images\/1116\/a842a0a5ae1084d0d2965e6a653373d4989da07d0b52ec78aa6b6c984342293c?h=500&amp;w=500\"\/>\n             <\/div>\n \n    \n  <\/div>\n\n\n\n<div class=\"uc_ac_box  heading-color\">\n  <div class=\"uc-heading uc_trigger\">    \n    <div class=\"uc_ac_box_title\">\n      <div class=\"left\">\n        <div class=\"scrollup-el\"><\/div>\n        <h3 class=\"ue_heading_title heading-color\">Projektwoche Bern <\/h3>\n      \n\n                <h4 class=\"ue_heading_date\">05.10.2026 \u2013 09.10.2026<\/h4>        \n               <h4 class=\"ue_heading_city\">Bern<\/h4>\n                \n        <div class=\"container-mobile-image\">\n                \t\t<img decoding=\"async\" src=\"https:\/\/cfc-ch.church.tools\/images\/1113\/7772a050036ebce52b7524090d6fdd99cae8139bc40ae1928bb78d6c9d23c523?h=500&amp;w=500\"\/>\n             <\/div>\n      <\/div>\n    <\/div>  \n  <\/div>\n  <div class=\"uc_content\" > \n        \t\t<div data-elementor-type=\"loop-item\" data-elementor-id=\"3917\" class=\"elementor elementor-3917 e-loop-item e-loop-item-6057 post-6057 projektwoche type-projektwoche status-publish hentry\" data-elementor-post-type=\"elementor_library\" data-custom-edit-handle=\"1\">\n\t\t\t<div class=\"elementor-element elementor-element-c3d07b0 e-con-full e-flex e-con e-parent\" data-id=\"c3d07b0\" data-element_type=\"container\" data-e-type=\"container\" data-settings=\"{&quot;background_background&quot;:&quot;classic&quot;}\">\n\t\t<div class=\"elementor-element elementor-element-290eeea e-con-full e-flex e-con e-child\" data-id=\"290eeea\" data-element_type=\"container\" data-e-type=\"container\">\n\t\t\t\t<div class=\"elementor-element elementor-element-f885b46 elementor-widget elementor-widget-text-editor\" data-id=\"f885b46\" data-element_type=\"widget\" data-e-type=\"widget\" data-widget_type=\"text-editor.default\">\n\t\t\t\t<div class=\"elementor-widget-container\">\n\t\t\t\t\t\t\t\t\t<h3>Das Ferienangebot f\u00fcr St. Gallen und Region<\/h3>\n<p>Die Projektwoche St.Gallen bietet dir viel Spass und eine abwechslungsreiche Woche. Es stehen dir \u00fcber 40 Camps zur Wahl. Wir arbeiten eng mit lokalen Sportvereinen zusammen. Jedes Camp wird von einer Fachperson mit einem geschulten Team gleitet. W\u00e4hle dein Camp! Es ist auch m\u00f6glich zwei Halbtages-Camps zu besuchen.<\/p>\n\t\t\t\t\t\t\t\t<\/div>\n\t\t\t\t<\/div>\n\t\t<div class=\"elementor-element elementor-element-60effb3 e-con-full e-flex e-con e-child\" data-id=\"60effb3\" data-element_type=\"container\" data-e-type=\"container\">\n\t\t\t\t<\/div>\n\t\t\t\t<\/div>\n\t\t<div class=\"elementor-element elementor-element-1e5f6f8 e-con-full e-flex e-con e-child\" data-id=\"1e5f6f8\" data-element_type=\"container\" data-e-type=\"container\">\n\t\t<div class=\"elementor-element elementor-element-755dcfe e-con-full e-flex e-con e-child\" data-id=\"755dcfe\" data-element_type=\"container\" data-e-type=\"container\">\n\t\t\t\t<div class=\"elementor-element elementor-element-3920cfe elementor-widget elementor-widget-heading\" data-id=\"3920cfe\" data-element_type=\"widget\" data-e-type=\"widget\" data-widget_type=\"heading.default\">\n\t\t\t\t<div class=\"elementor-widget-container\">\n\t\t\t\t\t<h3 class=\"elementor-heading-title elementor-size-default\">Datum<\/h3>\t\t\t\t<\/div>\n\t\t\t\t<\/div>\n\t\t<div class=\"elementor-element elementor-element-2483426 e-con-full e-flex e-con e-child\" data-id=\"2483426\" data-element_type=\"container\" data-e-type=\"container\">\n\t\t\t\t<div class=\"elementor-element elementor-element-eec5c3c elementor-widget elementor-widget-heading\" data-id=\"eec5c3c\" data-element_type=\"widget\" data-e-type=\"widget\" data-widget_type=\"heading.default\">\n\t\t\t\t<div class=\"elementor-widget-container\">\n\t\t\t\t\t<p class=\"elementor-heading-title elementor-size-default\">05.10.2026<\/p>\t\t\t\t<\/div>\n\t\t\t\t<\/div>\n\t\t\t\t<div class=\"elementor-element elementor-element-5d0337d elementor-widget elementor-widget-heading\" data-id=\"5d0337d\" data-element_type=\"widget\" data-e-type=\"widget\" data-widget_type=\"heading.default\">\n\t\t\t\t<div class=\"elementor-widget-container\">\n\t\t\t\t\t<p class=\"elementor-heading-title elementor-size-default\">\u2013<\/p>\t\t\t\t<\/div>\n\t\t\t\t<\/div>\n\t\t\t\t<div class=\"elementor-element elementor-element-53b57e3 elementor-widget elementor-widget-heading\" data-id=\"53b57e3\" data-element_type=\"widget\" data-e-type=\"widget\" data-widget_type=\"heading.default\">\n\t\t\t\t<div class=\"elementor-widget-container\">\n\t\t\t\t\t<p class=\"elementor-heading-title elementor-size-default\">09.10.2026<\/p>\t\t\t\t<\/div>\n\t\t\t\t<\/div>\n\t\t\t\t<\/div>\n\t\t\t\t<\/div>\n\t\t\t\t<div class=\"elementor-element elementor-element-bf91ddf elementor-widget elementor-widget-heading\" data-id=\"bf91ddf\" data-element_type=\"widget\" data-e-type=\"widget\" data-widget_type=\"heading.default\">\n\t\t\t\t<div class=\"elementor-widget-container\">\n\t\t\t\t\t<p class=\"elementor-heading-title elementor-size-default\"><h3>Ort<\/h3>Bern<\/p>\t\t\t\t<\/div>\n\t\t\t\t<\/div>\n\t\t<div class=\"elementor-element elementor-element-112c141e e-con-full e-flex e-con e-child\" data-id=\"112c141e\" data-element_type=\"container\" data-e-type=\"container\">\n\t\t\t\t<div class=\"elementor-element elementor-element-737b837b button-camp-popup elementor-widget elementor-widget-button\" data-id=\"737b837b\" data-element_type=\"widget\" data-e-type=\"widget\" data-widget_type=\"button.default\">\n\t\t\t\t<div class=\"elementor-widget-container\">\n\t\t\t\t\t\t\t\t\t<div class=\"elementor-button-wrapper\">\n\t\t\t\t\t<a class=\"elementor-button elementor-button-link elementor-size-sm\" href=\"https:\/\/be.projektwoche.ch\/pages\/bern\" target=\"_blank\" id=\"6057\">\n\t\t\t\t\t\t<span class=\"elementor-button-content-wrapper\">\n\t\t\t\t\t\t\t\t\t<span class=\"elementor-button-text\">Anmelden<\/span>\n\t\t\t\t\t<\/span>\n\t\t\t\t\t<\/a>\n\t\t\t\t<\/div>\n\t\t\t\t\t\t\t\t<\/div>\n\t\t\t\t<\/div>\n\t\t\t\t<div class=\"elementor-element elementor-element-2c1b07bf elementor-widget elementor-widget-off-canvas\" data-id=\"2c1b07bf\" data-element_type=\"widget\" data-e-type=\"widget\" data-widget_type=\"off-canvas.default\">\n\t\t\t\t<div class=\"elementor-widget-container\">\n\t\t\t\t\t\t\t<div id=\"off-canvas-2c1b07bf\" class=\"e-off-canvas\" role=\"dialog\" aria-hidden=\"true\" aria-label=\"Anmeldung\" aria-modal=\"true\" inert=\"\" data-delay-child-handlers=\"true\">\n\t\t\t<div class=\"e-off-canvas__overlay\"><\/div>\n\t\t\t<div class=\"e-off-canvas__main\">\n\t\t\t\t<div class=\"e-off-canvas__content\">\n\t\t\t\t\t<div class=\"elementor-element elementor-element-60fd15c3 e-con-full e-flex e-con e-child\" data-id=\"60fd15c3\" data-element_type=\"container\" data-e-type=\"container\">\n\t\t\t\t<div class=\"elementor-element elementor-element-1fbc3839 elementor-align-right elementor-widget elementor-widget-button\" data-id=\"1fbc3839\" data-element_type=\"widget\" data-e-type=\"widget\" data-widget_type=\"button.default\">\n\t\t\t\t<div class=\"elementor-widget-container\">\n\t\t\t\t\t\t\t\t\t<div class=\"elementor-button-wrapper\">\n\t\t\t\t\t<a class=\"elementor-button elementor-button-link elementor-size-sm\" href=\"#elementor-action%3Aaction%3Doff_canvas%3Aclose%26settings%3DeyJpZCI6IjJjMWIwN2JmIiwiZGlzcGxheU1vZGUiOiJjbG9zZSJ9\">\n\t\t\t\t\t\t<span class=\"elementor-button-content-wrapper\">\n\t\t\t\t\t\t\t\t\t<span class=\"elementor-button-text\">Schliessen<\/span>\n\t\t\t\t\t<\/span>\n\t\t\t\t\t<\/a>\n\t\t\t\t<\/div>\n\t\t\t\t\t\t\t\t<\/div>\n\t\t\t\t<\/div>\n\t\t\t\t<div class=\"elementor-element elementor-element-74f2e7a6 elementor-widget elementor-widget-shortcode\" data-id=\"74f2e7a6\" data-element_type=\"widget\" data-e-type=\"widget\" data-widget_type=\"shortcode.default\">\n\t\t\t\t<div class=\"elementor-widget-container\">\n\t\t\t\t\t\t\t<div class=\"elementor-shortcode\"><iframe src=\"https:\/\/cfc-ch.church.tools\/publicgroup\/771?embedded=true&only-form=true&theme_css=https:\/\/athletes.ch\/wp-content\/themes\/morntag-Hello-Child\/churchtools-anmeldung-flat.css?ver=1.0.4\" width=\"100%\" style=\"border-width:0px\" height=\"600px\"><\/iframe><\/div>\n\t\t\t\t\t\t<\/div>\n\t\t\t\t<\/div>\n\t\t\t\t<\/div>\n\t\t\t\t\t\t<\/div>\n\t\t\t<\/div>\n\t\t<\/div>\n\t\t\t\t\t\t<\/div>\n\t\t\t\t<\/div>\n\t\t\t\t<\/div>\n\t\t\t\t<\/div>\n\t\t\t\t<\/div>\n\t\t\t\t<\/div>\n\t\t\n  <\/div>\n  \n <button class=\"button-toggle\">\n    <span class=\"text-open\">Plus d&#039;informations<\/span>\n   <div>\n        <svg xmlns='http:\/\/www.w3.org\/2000\/svg' viewBox='0 0 39.07 24.26'>\n  \t\t\t<path fill=\"currentColor\" transform=\"rotate(90 19.535 19.535)\" d='M0,0v6.32l21.77,13.21L0,32.75v6.32l24.26-15.08v-8.83L0,0Z'><\/path>\n\t\t<\/svg>\n   <\/div>\n\n    <span class=\"text-close\">Fermer<\/span>\n  <\/button>\n    \n  \t<div class=\"container-image\">\n                \t\t<img decoding=\"async\" src=\"https:\/\/cfc-ch.church.tools\/images\/1113\/7772a050036ebce52b7524090d6fdd99cae8139bc40ae1928bb78d6c9d23c523?h=500&amp;w=500\"\/>\n             <\/div>\n \n    \n  <\/div>\n\n\n\n<div class=\"uc_ac_box  heading-color\">\n  <div class=\"uc-heading uc_trigger\">    \n    <div class=\"uc_ac_box_title\">\n      <div class=\"left\">\n        <div class=\"scrollup-el\"><\/div>\n        <h3 class=\"ue_heading_title heading-color\">Projektwoche St. Gallen <\/h3>\n      \n\n                <h4 class=\"ue_heading_date\">12.10.2026 \u2013 16.10.2026<\/h4>        \n               <h4 class=\"ue_heading_city\">St. Gallen<\/h4>\n                \n        <div class=\"container-mobile-image\">\n                \t\t<img decoding=\"async\" src=\"https:\/\/cfc-ch.church.tools\/images\/1107\/eeca8f3930602eef2d0fbad7f28a92d6cacb69cc6189ccc5fd5e1dee5308c6bd?h=500&amp;w=500\"\/>\n             <\/div>\n      <\/div>\n    <\/div>  \n  <\/div>\n  <div class=\"uc_content\" > \n        \t\t<div data-elementor-type=\"loop-item\" data-elementor-id=\"3917\" class=\"elementor elementor-3917 e-loop-item e-loop-item-6059 post-6059 projektwoche type-projektwoche status-publish hentry\" data-elementor-post-type=\"elementor_library\" data-custom-edit-handle=\"1\">\n\t\t\t<div class=\"elementor-element elementor-element-c3d07b0 e-con-full e-flex e-con e-parent\" data-id=\"c3d07b0\" data-element_type=\"container\" data-e-type=\"container\" data-settings=\"{&quot;background_background&quot;:&quot;classic&quot;}\">\n\t\t<div class=\"elementor-element elementor-element-290eeea e-con-full e-flex e-con e-child\" data-id=\"290eeea\" data-element_type=\"container\" data-e-type=\"container\">\n\t\t\t\t<div class=\"elementor-element elementor-element-f885b46 elementor-widget elementor-widget-text-editor\" data-id=\"f885b46\" data-element_type=\"widget\" data-e-type=\"widget\" data-widget_type=\"text-editor.default\">\n\t\t\t\t<div class=\"elementor-widget-container\">\n\t\t\t\t\t\t\t\t\t<h3>Das Ferienangebot f\u00fcr St. Gallen und Region<\/h3>\n<p>Die Projektwoche St.Gallen bietet dir viel Spass und eine abwechslungsreiche Woche. Es stehen dir \u00fcber 40 Camps zur Wahl. Wir arbeiten eng mit lokalen Sportvereinen zusammen. Jedes Camp wird von einer Fachperson mit einem geschulten Team gleitet. W\u00e4hle dein Camp! Es ist auch m\u00f6glich zwei Halbtages-Camps zu besuchen.<\/p>\n\t\t\t\t\t\t\t\t<\/div>\n\t\t\t\t<\/div>\n\t\t<div class=\"elementor-element elementor-element-60effb3 e-con-full e-flex e-con e-child\" data-id=\"60effb3\" data-element_type=\"container\" data-e-type=\"container\">\n\t\t\t\t<\/div>\n\t\t\t\t<\/div>\n\t\t<div class=\"elementor-element elementor-element-1e5f6f8 e-con-full e-flex e-con e-child\" data-id=\"1e5f6f8\" data-element_type=\"container\" data-e-type=\"container\">\n\t\t<div class=\"elementor-element elementor-element-755dcfe e-con-full e-flex e-con e-child\" data-id=\"755dcfe\" data-element_type=\"container\" data-e-type=\"container\">\n\t\t\t\t<div class=\"elementor-element elementor-element-3920cfe elementor-widget elementor-widget-heading\" data-id=\"3920cfe\" data-element_type=\"widget\" data-e-type=\"widget\" data-widget_type=\"heading.default\">\n\t\t\t\t<div class=\"elementor-widget-container\">\n\t\t\t\t\t<h3 class=\"elementor-heading-title elementor-size-default\">Datum<\/h3>\t\t\t\t<\/div>\n\t\t\t\t<\/div>\n\t\t<div class=\"elementor-element elementor-element-2483426 e-con-full e-flex e-con e-child\" data-id=\"2483426\" data-element_type=\"container\" data-e-type=\"container\">\n\t\t\t\t<div class=\"elementor-element elementor-element-eec5c3c elementor-widget elementor-widget-heading\" data-id=\"eec5c3c\" data-element_type=\"widget\" data-e-type=\"widget\" data-widget_type=\"heading.default\">\n\t\t\t\t<div class=\"elementor-widget-container\">\n\t\t\t\t\t<p class=\"elementor-heading-title elementor-size-default\">12.10.2026<\/p>\t\t\t\t<\/div>\n\t\t\t\t<\/div>\n\t\t\t\t<div class=\"elementor-element elementor-element-5d0337d elementor-widget elementor-widget-heading\" data-id=\"5d0337d\" data-element_type=\"widget\" data-e-type=\"widget\" data-widget_type=\"heading.default\">\n\t\t\t\t<div class=\"elementor-widget-container\">\n\t\t\t\t\t<p class=\"elementor-heading-title elementor-size-default\">\u2013<\/p>\t\t\t\t<\/div>\n\t\t\t\t<\/div>\n\t\t\t\t<div class=\"elementor-element elementor-element-53b57e3 elementor-widget elementor-widget-heading\" data-id=\"53b57e3\" data-element_type=\"widget\" data-e-type=\"widget\" data-widget_type=\"heading.default\">\n\t\t\t\t<div class=\"elementor-widget-container\">\n\t\t\t\t\t<p class=\"elementor-heading-title elementor-size-default\">16.10.2026<\/p>\t\t\t\t<\/div>\n\t\t\t\t<\/div>\n\t\t\t\t<\/div>\n\t\t\t\t<\/div>\n\t\t\t\t<div class=\"elementor-element elementor-element-bf91ddf elementor-widget elementor-widget-heading\" data-id=\"bf91ddf\" data-element_type=\"widget\" data-e-type=\"widget\" data-widget_type=\"heading.default\">\n\t\t\t\t<div class=\"elementor-widget-container\">\n\t\t\t\t\t<p class=\"elementor-heading-title elementor-size-default\"><h3>Ort<\/h3>St. Gallen<\/p>\t\t\t\t<\/div>\n\t\t\t\t<\/div>\n\t\t<div class=\"elementor-element elementor-element-112c141e e-con-full e-flex e-con e-child\" data-id=\"112c141e\" data-element_type=\"container\" data-e-type=\"container\">\n\t\t\t\t<div class=\"elementor-element elementor-element-737b837b button-camp-popup elementor-widget elementor-widget-button\" data-id=\"737b837b\" data-element_type=\"widget\" data-e-type=\"widget\" data-widget_type=\"button.default\">\n\t\t\t\t<div class=\"elementor-widget-container\">\n\t\t\t\t\t\t\t\t\t<div class=\"elementor-button-wrapper\">\n\t\t\t\t\t<a class=\"elementor-button elementor-button-link elementor-size-sm\" href=\"https:\/\/sg.projektwoche.ch\/pages\/sg\" target=\"_blank\" id=\"6059\">\n\t\t\t\t\t\t<span class=\"elementor-button-content-wrapper\">\n\t\t\t\t\t\t\t\t\t<span class=\"elementor-button-text\">Anmelden<\/span>\n\t\t\t\t\t<\/span>\n\t\t\t\t\t<\/a>\n\t\t\t\t<\/div>\n\t\t\t\t\t\t\t\t<\/div>\n\t\t\t\t<\/div>\n\t\t\t\t<div class=\"elementor-element elementor-element-2c1b07bf elementor-widget elementor-widget-off-canvas\" data-id=\"2c1b07bf\" data-element_type=\"widget\" data-e-type=\"widget\" data-widget_type=\"off-canvas.default\">\n\t\t\t\t<div class=\"elementor-widget-container\">\n\t\t\t\t\t\t\t<div id=\"off-canvas-2c1b07bf\" class=\"e-off-canvas\" role=\"dialog\" aria-hidden=\"true\" aria-label=\"Anmeldung\" aria-modal=\"true\" inert=\"\" data-delay-child-handlers=\"true\">\n\t\t\t<div class=\"e-off-canvas__overlay\"><\/div>\n\t\t\t<div class=\"e-off-canvas__main\">\n\t\t\t\t<div class=\"e-off-canvas__content\">\n\t\t\t\t\t<div class=\"elementor-element elementor-element-60fd15c3 e-con-full e-flex e-con e-child\" data-id=\"60fd15c3\" data-element_type=\"container\" data-e-type=\"container\">\n\t\t\t\t<div class=\"elementor-element elementor-element-1fbc3839 elementor-align-right elementor-widget elementor-widget-button\" data-id=\"1fbc3839\" data-element_type=\"widget\" data-e-type=\"widget\" data-widget_type=\"button.default\">\n\t\t\t\t<div class=\"elementor-widget-container\">\n\t\t\t\t\t\t\t\t\t<div class=\"elementor-button-wrapper\">\n\t\t\t\t\t<a class=\"elementor-button elementor-button-link elementor-size-sm\" href=\"#elementor-action%3Aaction%3Doff_canvas%3Aclose%26settings%3DeyJpZCI6IjJjMWIwN2JmIiwiZGlzcGxheU1vZGUiOiJjbG9zZSJ9\">\n\t\t\t\t\t\t<span class=\"elementor-button-content-wrapper\">\n\t\t\t\t\t\t\t\t\t<span class=\"elementor-button-text\">Schliessen<\/span>\n\t\t\t\t\t<\/span>\n\t\t\t\t\t<\/a>\n\t\t\t\t<\/div>\n\t\t\t\t\t\t\t\t<\/div>\n\t\t\t\t<\/div>\n\t\t\t\t<div class=\"elementor-element elementor-element-74f2e7a6 elementor-widget elementor-widget-shortcode\" data-id=\"74f2e7a6\" data-element_type=\"widget\" data-e-type=\"widget\" data-widget_type=\"shortcode.default\">\n\t\t\t\t<div class=\"elementor-widget-container\">\n\t\t\t\t\t\t\t<div class=\"elementor-shortcode\"><iframe src=\"https:\/\/cfc-ch.church.tools\/publicgroup\/768?embedded=true&only-form=true&theme_css=https:\/\/athletes.ch\/wp-content\/themes\/morntag-Hello-Child\/churchtools-anmeldung-flat.css?ver=1.0.4\" width=\"100%\" style=\"border-width:0px\" height=\"600px\"><\/iframe><\/div>\n\t\t\t\t\t\t<\/div>\n\t\t\t\t<\/div>\n\t\t\t\t<\/div>\n\t\t\t\t\t\t<\/div>\n\t\t\t<\/div>\n\t\t<\/div>\n\t\t\t\t\t\t<\/div>\n\t\t\t\t<\/div>\n\t\t\t\t<\/div>\n\t\t\t\t<\/div>\n\t\t\t\t<\/div>\n\t\t\t\t<\/div>\n\t\t\n  <\/div>\n  \n <button class=\"button-toggle\">\n    <span class=\"text-open\">Plus d&#039;informations<\/span>\n   <div>\n        <svg xmlns='http:\/\/www.w3.org\/2000\/svg' viewBox='0 0 39.07 24.26'>\n  \t\t\t<path fill=\"currentColor\" transform=\"rotate(90 19.535 19.535)\" d='M0,0v6.32l21.77,13.21L0,32.75v6.32l24.26-15.08v-8.83L0,0Z'><\/path>\n\t\t<\/svg>\n   <\/div>\n\n    <span class=\"text-close\">Fermer<\/span>\n  <\/button>\n    \n  \t<div class=\"container-image\">\n                \t\t<img decoding=\"async\" src=\"https:\/\/cfc-ch.church.tools\/images\/1107\/eeca8f3930602eef2d0fbad7f28a92d6cacb69cc6189ccc5fd5e1dee5308c6bd?h=500&amp;w=500\"\/>\n             <\/div>\n \n    \n  <\/div>\n\n\n\n<div class=\"uc_ac_box  heading-color\">\n  <div class=\"uc-heading uc_trigger\">    \n    <div class=\"uc_ac_box_title\">\n      <div class=\"left\">\n        <div class=\"scrollup-el\"><\/div>\n        <h3 class=\"ue_heading_title heading-color\">Projektwoche Z\u00fcri Oberland <\/h3>\n      \n\n                <h4 class=\"ue_heading_date\">22.02.2027 \u2013 26.02.2027<\/h4>        \n               <h4 class=\"ue_heading_city\">Z\u00fcri Oberland<\/h4>\n                \n        <div class=\"container-mobile-image\">\n                \t\t<img decoding=\"async\" src=\"https:\/\/cfc-ch.church.tools\/images\/1119\/b009e38d7544ba5bf1e5fa7d8d46bbd5bc1b10ac0c615b05325ba3bbd256daab?h=500&amp;w=500\"\/>\n             <\/div>\n      <\/div>\n    <\/div>  \n  <\/div>\n  <div class=\"uc_content\" > \n        \t\t<div data-elementor-type=\"loop-item\" data-elementor-id=\"3917\" class=\"elementor elementor-3917 e-loop-item e-loop-item-6186 post-6186 projektwoche type-projektwoche status-publish hentry\" data-elementor-post-type=\"elementor_library\" data-custom-edit-handle=\"1\">\n\t\t\t<div class=\"elementor-element elementor-element-c3d07b0 e-con-full e-flex e-con e-parent\" data-id=\"c3d07b0\" data-element_type=\"container\" data-e-type=\"container\" data-settings=\"{&quot;background_background&quot;:&quot;classic&quot;}\">\n\t\t<div class=\"elementor-element elementor-element-290eeea e-con-full e-flex e-con e-child\" data-id=\"290eeea\" data-element_type=\"container\" data-e-type=\"container\">\n\t\t\t\t<div class=\"elementor-element elementor-element-f885b46 elementor-widget elementor-widget-text-editor\" data-id=\"f885b46\" data-element_type=\"widget\" data-e-type=\"widget\" data-widget_type=\"text-editor.default\">\n\t\t\t\t<div class=\"elementor-widget-container\">\n\t\t\t\t\t\t\t\t\t<p><strong>Wintersportferien mal anders!<\/strong><br \/>\nBereits zum zw\u00f6lften Mal bietet die Projektwoche Z\u00fcri Oberland Kindern und Jugendlichen ein vielseitiges und attraktives Freizeitangebot. Jedes Camp wird von einer Fachperson geleitet. Trainiere t\u00e4glich in deiner Sportart und erlebe viel Spass.<\/p>\n<p>Die Projektwoche Z\u00fcri Oberland wird vom gleichnamigen Verein veranstaltet, zusammen mit Athletes in Action und starken Partnern der Region. Zudem wird sie von diversen Sponsoren unterst\u00fctzt.<\/p>\n<p><a href=\"https:\/\/projektwoche.ch\/pages\/zo\">Hier geht es zu allen Infos und Anmeldung -&gt;<\/a><\/p>\n\t\t\t\t\t\t\t\t<\/div>\n\t\t\t\t<\/div>\n\t\t<div class=\"elementor-element elementor-element-60effb3 e-con-full e-flex e-con e-child\" data-id=\"60effb3\" data-element_type=\"container\" data-e-type=\"container\">\n\t\t\t\t<\/div>\n\t\t\t\t<\/div>\n\t\t<div class=\"elementor-element elementor-element-1e5f6f8 e-con-full e-flex e-con e-child\" data-id=\"1e5f6f8\" data-element_type=\"container\" data-e-type=\"container\">\n\t\t<div class=\"elementor-element elementor-element-755dcfe e-con-full e-flex e-con e-child\" data-id=\"755dcfe\" data-element_type=\"container\" data-e-type=\"container\">\n\t\t\t\t<div class=\"elementor-element elementor-element-3920cfe elementor-widget elementor-widget-heading\" data-id=\"3920cfe\" data-element_type=\"widget\" data-e-type=\"widget\" data-widget_type=\"heading.default\">\n\t\t\t\t<div class=\"elementor-widget-container\">\n\t\t\t\t\t<h3 class=\"elementor-heading-title elementor-size-default\">Datum<\/h3>\t\t\t\t<\/div>\n\t\t\t\t<\/div>\n\t\t<div class=\"elementor-element elementor-element-2483426 e-con-full e-flex e-con e-child\" data-id=\"2483426\" data-element_type=\"container\" data-e-type=\"container\">\n\t\t\t\t<div class=\"elementor-element elementor-element-eec5c3c elementor-widget elementor-widget-heading\" data-id=\"eec5c3c\" data-element_type=\"widget\" data-e-type=\"widget\" data-widget_type=\"heading.default\">\n\t\t\t\t<div class=\"elementor-widget-container\">\n\t\t\t\t\t<p class=\"elementor-heading-title elementor-size-default\">22.02.2027<\/p>\t\t\t\t<\/div>\n\t\t\t\t<\/div>\n\t\t\t\t<div class=\"elementor-element elementor-element-5d0337d elementor-widget elementor-widget-heading\" data-id=\"5d0337d\" data-element_type=\"widget\" data-e-type=\"widget\" data-widget_type=\"heading.default\">\n\t\t\t\t<div class=\"elementor-widget-container\">\n\t\t\t\t\t<p class=\"elementor-heading-title elementor-size-default\">\u2013<\/p>\t\t\t\t<\/div>\n\t\t\t\t<\/div>\n\t\t\t\t<div class=\"elementor-element elementor-element-53b57e3 elementor-widget elementor-widget-heading\" data-id=\"53b57e3\" data-element_type=\"widget\" data-e-type=\"widget\" data-widget_type=\"heading.default\">\n\t\t\t\t<div class=\"elementor-widget-container\">\n\t\t\t\t\t<p class=\"elementor-heading-title elementor-size-default\">26.02.2027<\/p>\t\t\t\t<\/div>\n\t\t\t\t<\/div>\n\t\t\t\t<\/div>\n\t\t\t\t<\/div>\n\t\t\t\t<div class=\"elementor-element elementor-element-bf91ddf elementor-widget elementor-widget-heading\" data-id=\"bf91ddf\" data-element_type=\"widget\" data-e-type=\"widget\" data-widget_type=\"heading.default\">\n\t\t\t\t<div class=\"elementor-widget-container\">\n\t\t\t\t\t<p class=\"elementor-heading-title elementor-size-default\"><h3>Ort<\/h3>Z\u00fcri Oberland<\/p>\t\t\t\t<\/div>\n\t\t\t\t<\/div>\n\t\t\t\t<div class=\"elementor-element elementor-element-41b3c02 elementor-widget elementor-widget-heading\" data-id=\"41b3c02\" data-element_type=\"widget\" data-e-type=\"widget\" data-widget_type=\"heading.default\">\n\t\t\t\t<div class=\"elementor-widget-container\">\n\t\t\t\t\t<p class=\"elementor-heading-title elementor-size-default\"><h3>Alter<\/h3>6 -16 Jahre<\/p>\t\t\t\t<\/div>\n\t\t\t\t<\/div>\n\t\t<div class=\"elementor-element elementor-element-cfa2990 e-con-full e-flex e-con e-child\" data-id=\"cfa2990\" data-element_type=\"container\" data-e-type=\"container\">\n\t\t\t\t<div class=\"elementor-element elementor-element-2ae7e06 elementor-widget elementor-widget-heading\" data-id=\"2ae7e06\" data-element_type=\"widget\" data-e-type=\"widget\" data-widget_type=\"heading.default\">\n\t\t\t\t<div class=\"elementor-widget-container\">\n\t\t\t\t\t<h3 class=\"elementor-heading-title elementor-size-default\">Camp-Hauptleiter\/-In<\/h3>\t\t\t\t<\/div>\n\t\t\t\t<\/div>\n\t\t\t\t<div class=\"elementor-element elementor-element-eb05389 elementor-widget elementor-widget-ucaddon_churchtools_contact\" data-id=\"eb05389\" data-element_type=\"widget\" data-e-type=\"widget\" data-widget_type=\"ucaddon_churchtools_contact.default\">\n\t\t\t\t<div class=\"elementor-widget-container\">\n\t\t\t\t\t\n<!-- start Churchtools Contact (Name and E-Mail) -->\n\n<a href= \"mailto:matthias.maurer@cfc.ch\" target=\"_blank\">Matthias Maurer<\/a>\n<!-- end Churchtools Contact (Name and E-Mail) -->\t\t\t\t<\/div>\n\t\t\t\t<\/div>\n\t\t\t\t<div class=\"elementor-element elementor-element-4a1e37a elementor-widget elementor-widget-shortcode\" data-id=\"4a1e37a\" data-element_type=\"widget\" data-e-type=\"widget\" data-widget_type=\"shortcode.default\">\n\t\t\t\t<div class=\"elementor-widget-container\">\n\t\t\t\t\t\t\t<div class=\"elementor-shortcode\"><img decoding=\"async\" src=\"https:\/\/cfc-ch.church.tools\/images\/1101\/0b019fc441d8e7bbe549961fdf11c0282198eca6927e4f42979ed0729b465607?h=500&#038;w=500\" alt=\"\" \/><\/div>\n\t\t\t\t\t\t<\/div>\n\t\t\t\t<\/div>\n\t\t\t\t<\/div>\n\t\t<div class=\"elementor-element elementor-element-112c141e e-con-full e-flex e-con e-child\" data-id=\"112c141e\" data-element_type=\"container\" data-e-type=\"container\">\n\t\t\t\t<div class=\"elementor-element elementor-element-737b837b button-camp-popup elementor-widget elementor-widget-button\" data-id=\"737b837b\" data-element_type=\"widget\" data-e-type=\"widget\" data-widget_type=\"button.default\">\n\t\t\t\t<div class=\"elementor-widget-container\">\n\t\t\t\t\t\t\t\t\t<div class=\"elementor-button-wrapper\">\n\t\t\t\t\t<a class=\"elementor-button elementor-button-link elementor-size-sm\" href=\"https:\/\/projektwoche.ch\/pages\/zo\" target=\"_blank\" id=\"6186\">\n\t\t\t\t\t\t<span class=\"elementor-button-content-wrapper\">\n\t\t\t\t\t\t\t\t\t<span class=\"elementor-button-text\">Anmelden<\/span>\n\t\t\t\t\t<\/span>\n\t\t\t\t\t<\/a>\n\t\t\t\t<\/div>\n\t\t\t\t\t\t\t\t<\/div>\n\t\t\t\t<\/div>\n\t\t\t\t<div class=\"elementor-element elementor-element-2c1b07bf elementor-widget elementor-widget-off-canvas\" data-id=\"2c1b07bf\" data-element_type=\"widget\" data-e-type=\"widget\" data-widget_type=\"off-canvas.default\">\n\t\t\t\t<div class=\"elementor-widget-container\">\n\t\t\t\t\t\t\t<div id=\"off-canvas-2c1b07bf\" class=\"e-off-canvas\" role=\"dialog\" aria-hidden=\"true\" aria-label=\"Anmeldung\" aria-modal=\"true\" inert=\"\" data-delay-child-handlers=\"true\">\n\t\t\t<div class=\"e-off-canvas__overlay\"><\/div>\n\t\t\t<div class=\"e-off-canvas__main\">\n\t\t\t\t<div class=\"e-off-canvas__content\">\n\t\t\t\t\t<div class=\"elementor-element elementor-element-60fd15c3 e-con-full e-flex e-con e-child\" data-id=\"60fd15c3\" data-element_type=\"container\" data-e-type=\"container\">\n\t\t\t\t<div class=\"elementor-element elementor-element-1fbc3839 elementor-align-right elementor-widget elementor-widget-button\" data-id=\"1fbc3839\" data-element_type=\"widget\" data-e-type=\"widget\" data-widget_type=\"button.default\">\n\t\t\t\t<div class=\"elementor-widget-container\">\n\t\t\t\t\t\t\t\t\t<div class=\"elementor-button-wrapper\">\n\t\t\t\t\t<a class=\"elementor-button elementor-button-link elementor-size-sm\" href=\"#elementor-action%3Aaction%3Doff_canvas%3Aclose%26settings%3DeyJpZCI6IjJjMWIwN2JmIiwiZGlzcGxheU1vZGUiOiJjbG9zZSJ9\">\n\t\t\t\t\t\t<span class=\"elementor-button-content-wrapper\">\n\t\t\t\t\t\t\t\t\t<span class=\"elementor-button-text\">Schliessen<\/span>\n\t\t\t\t\t<\/span>\n\t\t\t\t\t<\/a>\n\t\t\t\t<\/div>\n\t\t\t\t\t\t\t\t<\/div>\n\t\t\t\t<\/div>\n\t\t\t\t<div class=\"elementor-element elementor-element-74f2e7a6 elementor-widget elementor-widget-shortcode\" data-id=\"74f2e7a6\" data-element_type=\"widget\" data-e-type=\"widget\" data-widget_type=\"shortcode.default\">\n\t\t\t\t<div class=\"elementor-widget-container\">\n\t\t\t\t\t\t\t<div class=\"elementor-shortcode\"><iframe src=\"https:\/\/cfc-ch.church.tools\/publicgroup\/604?embedded=true&only-form=true&theme_css=https:\/\/athletes.ch\/wp-content\/themes\/morntag-Hello-Child\/churchtools-anmeldung-flat.css?ver=1.0.4\" width=\"100%\" style=\"border-width:0px\" height=\"600px\"><\/iframe><\/div>\n\t\t\t\t\t\t<\/div>\n\t\t\t\t<\/div>\n\t\t\t\t<\/div>\n\t\t\t\t\t\t<\/div>\n\t\t\t<\/div>\n\t\t<\/div>\n\t\t\t\t\t\t<\/div>\n\t\t\t\t<\/div>\n\t\t\t\t<\/div>\n\t\t\t\t<\/div>\n\t\t\t\t<\/div>\n\t\t\t\t<\/div>\n\t\t\n  <\/div>\n  \n <button class=\"button-toggle\">\n    <span class=\"text-open\">Plus d&#039;informations<\/span>\n   <div>\n        <svg xmlns='http:\/\/www.w3.org\/2000\/svg' viewBox='0 0 39.07 24.26'>\n  \t\t\t<path fill=\"currentColor\" transform=\"rotate(90 19.535 19.535)\" d='M0,0v6.32l21.77,13.21L0,32.75v6.32l24.26-15.08v-8.83L0,0Z'><\/path>\n\t\t<\/svg>\n   <\/div>\n\n    <span class=\"text-close\">Fermer<\/span>\n  <\/button>\n    \n  \t<div class=\"container-image\">\n                \t\t<img decoding=\"async\" src=\"https:\/\/cfc-ch.church.tools\/images\/1119\/b009e38d7544ba5bf1e5fa7d8d46bbd5bc1b10ac0c615b05325ba3bbd256daab?h=500&amp;w=500\"\/>\n             <\/div>\n \n    \n  <\/div>\n\n   <\/div>\n<\/div>\n\n\n<!-- end Custom Accordion -->\t\t\t\t<\/div>\n\t\t\t\t<\/div>\n\t\t\t\t\t<\/div>\n\t\t\t\t<\/div>\n\t\t<div class=\"elementor-element elementor-element-ba6b277 e-flex e-con-boxed e-con e-parent\" data-id=\"ba6b277\" data-element_type=\"container\" data-e-type=\"container\" data-settings=\"{&quot;background_background&quot;:&quot;classic&quot;}\">\n\t\t\t\t\t<div class=\"e-con-inner\">\n\t\t<div class=\"elementor-element elementor-element-0f93d8e e-con-full e-flex e-con e-child\" data-id=\"0f93d8e\" data-element_type=\"container\" data-e-type=\"container\">\n\t\t\t\t<div class=\"elementor-element elementor-element-0e81c08 elementor-widget elementor-widget-text-editor\" data-id=\"0e81c08\" data-element_type=\"widget\" data-e-type=\"widget\" data-widget_type=\"text-editor.default\">\n\t\t\t\t<div class=\"elementor-widget-container\">\n\t\t\t\t\t\t\t\t\t<p>Laisse-toi s\u00e9duire par d&rsquo;autres offres de camps pour adultes et inspire-toi de l&rsquo;esprit AiA !<\/p>\n\t\t\t\t\t\t\t\t<\/div>\n\t\t\t\t<\/div>\n\t\t\t\t<div class=\"elementor-element elementor-element-4599559 elementor-widget elementor-widget-button\" data-id=\"4599559\" data-element_type=\"widget\" data-e-type=\"widget\" data-widget_type=\"button.default\">\n\t\t\t\t<div class=\"elementor-widget-container\">\n\t\t\t\t\t\t\t\t\t<div class=\"elementor-button-wrapper\">\n\t\t\t\t\t<a class=\"elementor-button elementor-button-link elementor-size-sm\" href=\"https:\/\/athletes.ch\/fr\/camps-sportifs\/\">\n\t\t\t\t\t\t<span class=\"elementor-button-content-wrapper\">\n\t\t\t\t\t\t\t\t\t<span class=\"elementor-button-text\">Camps sportifs<\/span>\n\t\t\t\t\t<\/span>\n\t\t\t\t\t<\/a>\n\t\t\t\t<\/div>\n\t\t\t\t\t\t\t\t<\/div>\n\t\t\t\t<\/div>\n\t\t\t\t<\/div>\n\t\t<div class=\"elementor-element elementor-element-239fe9e e-con-full e-flex e-con e-child\" data-id=\"239fe9e\" data-element_type=\"container\" data-e-type=\"container\">\n\t\t\t\t<div class=\"elementor-element elementor-element-7d7de84 elementor-widget elementor-widget-text-editor\" data-id=\"7d7de84\" data-element_type=\"widget\" data-e-type=\"widget\" data-widget_type=\"text-editor.default\">\n\t\t\t\t<div class=\"elementor-widget-container\">\n\t\t\t\t\t\t\t\t\t<p>Obtiens un aper\u00e7u chronologique de tous les camps et \u00e9v\u00e9nements AiA.<\/p>\n\t\t\t\t\t\t\t\t<\/div>\n\t\t\t\t<\/div>\n\t\t\t\t<div class=\"elementor-element elementor-element-e82b501 elementor-widget elementor-widget-button\" data-id=\"e82b501\" data-element_type=\"widget\" data-e-type=\"widget\" data-widget_type=\"button.default\">\n\t\t\t\t<div class=\"elementor-widget-container\">\n\t\t\t\t\t\t\t\t\t<div class=\"elementor-button-wrapper\">\n\t\t\t\t\t<a class=\"elementor-button elementor-button-link elementor-size-sm\" href=\"https:\/\/athletes.ch\/fr\/agenda\/\">\n\t\t\t\t\t\t<span class=\"elementor-button-content-wrapper\">\n\t\t\t\t\t\t\t\t\t<span class=\"elementor-button-text\">AiA Agenda<\/span>\n\t\t\t\t\t<\/span>\n\t\t\t\t\t<\/a>\n\t\t\t\t<\/div>\n\t\t\t\t\t\t\t\t<\/div>\n\t\t\t\t<\/div>\n\t\t\t\t<\/div>\n\t\t<div class=\"elementor-element elementor-element-b2bf424 e-con-full e-flex e-con e-child\" data-id=\"b2bf424\" data-element_type=\"container\" data-e-type=\"container\">\n\t\t\t\t<div class=\"elementor-element elementor-element-a1e8a3b elementor-widget elementor-widget-text-editor\" data-id=\"a1e8a3b\" data-element_type=\"widget\" data-e-type=\"widget\" data-widget_type=\"text-editor.default\">\n\t\t\t\t<div class=\"elementor-widget-container\">\n\t\t\t\t\t\t\t\t\t<p>Tu trouveras ici un aper\u00e7u de toutes les galeries photos des camps et \u00e9v\u00e9nements AiA.<\/p>\n\t\t\t\t\t\t\t\t<\/div>\n\t\t\t\t<\/div>\n\t\t\t\t<div class=\"elementor-element elementor-element-1179ab2 elementor-widget elementor-widget-button\" data-id=\"1179ab2\" data-element_type=\"widget\" data-e-type=\"widget\" data-widget_type=\"button.default\">\n\t\t\t\t<div class=\"elementor-widget-container\">\n\t\t\t\t\t\t\t\t\t<div class=\"elementor-button-wrapper\">\n\t\t\t\t\t<a class=\"elementor-button elementor-button-link elementor-size-sm\" href=\"https:\/\/athletes.ch\/fr\/photos-aia\/\">\n\t\t\t\t\t\t<span class=\"elementor-button-content-wrapper\">\n\t\t\t\t\t\t\t\t\t<span class=\"elementor-button-text\">Photos<\/span>\n\t\t\t\t\t<\/span>\n\t\t\t\t\t<\/a>\n\t\t\t\t<\/div>\n\t\t\t\t\t\t\t\t<\/div>\n\t\t\t\t<\/div>\n\t\t\t\t<\/div>\n\t\t\t\t\t<\/div>\n\t\t\t\t<\/div>\n\t\t\t\t<\/div>\n\t\t","protected":false},"excerpt":{"rendered":"<p>Projektwoche Une semaine de projet est une semaine r\u00e9gionale destin\u00e9e aux enfants et adolescents \u00e2g\u00e9s de 6 \u00e0 16 ans. Diff\u00e9rents camps sportifs et de loisirs sont propos\u00e9s au choix. Une semaine de projet est organis\u00e9e par une \u00e9quipe locale compos\u00e9e d&rsquo;\u00e9glises et d&rsquo;associations. La semaine de projet est encadr\u00e9e par des entra\u00eeneurs hautement qualifi\u00e9s. [&hellip;]<\/p>\n","protected":false},"author":1,"featured_media":0,"parent":0,"menu_order":0,"comment_status":"closed","ping_status":"closed","template":"","meta":{"_acf_changed":false,"footnotes":""},"class_list":["post-5869","page","type-page","status-publish","hentry"],"acf":[],"yoast_head":"<!-- This site is optimized with the Yoast SEO plugin v27.2 - https:\/\/yoast.com\/product\/yoast-seo-wordpress\/ -->\n<title>Projektwoche (semaine de projet) - Athletes in Action<\/title>\n<meta name=\"description\" content=\"Une semaine r\u00e9gionale pour les enfants et les adolescents \u00e2g\u00e9s de 6 \u00e0 16 ans. Diff\u00e9rents camps sont propos\u00e9s. Viens jeter un \u0153il !\" \/>\n<meta name=\"robots\" content=\"index, follow, max-snippet:-1, max-image-preview:large, max-video-preview:-1\" \/>\n<link rel=\"canonical\" href=\"https:\/\/athletes.ch\/fr\/projektwoche-semaine-de-projet\/\" \/>\n<meta property=\"og:locale\" content=\"fr_FR\" \/>\n<meta property=\"og:type\" content=\"article\" \/>\n<meta property=\"og:title\" content=\"Projektwoche (semaine de projet) - Athletes in Action\" \/>\n<meta property=\"og:description\" content=\"Une semaine r\u00e9gionale pour les enfants et les adolescents \u00e2g\u00e9s de 6 \u00e0 16 ans. Diff\u00e9rents camps sont propos\u00e9s. Viens jeter un \u0153il !\" \/>\n<meta property=\"og:url\" content=\"https:\/\/athletes.ch\/fr\/projektwoche-semaine-de-projet\/\" \/>\n<meta property=\"og:site_name\" content=\"Athletes in Action\" \/>\n<meta property=\"article:modified_time\" content=\"2025-10-02T06:42:41+00:00\" \/>\n<meta property=\"og:image\" content=\"https:\/\/athletes.ch\/wp-content\/uploads\/2024\/10\/projektwoche-aia.png\" \/>\n\t<meta property=\"og:image:width\" content=\"1310\" \/>\n\t<meta property=\"og:image:height\" content=\"1742\" \/>\n\t<meta property=\"og:image:type\" content=\"image\/png\" \/>\n<meta name=\"twitter:card\" content=\"summary_large_image\" \/>\n<meta name=\"twitter:label1\" content=\"Dur\u00e9e de lecture estim\u00e9e\" \/>\n\t<meta name=\"twitter:data1\" content=\"2 minutes\" \/>\n<script type=\"application\/ld+json\" class=\"yoast-schema-graph\">{\"@context\":\"https:\/\/schema.org\",\"@graph\":[{\"@type\":\"WebPage\",\"@id\":\"https:\/\/athletes.ch\/fr\/projektwoche-semaine-de-projet\/\",\"url\":\"https:\/\/athletes.ch\/fr\/projektwoche-semaine-de-projet\/\",\"name\":\"Projektwoche (semaine de projet) - Athletes in Action\",\"isPartOf\":{\"@id\":\"https:\/\/athletes.ch\/fr\/#website\"},\"primaryImageOfPage\":{\"@id\":\"https:\/\/athletes.ch\/fr\/projektwoche-semaine-de-projet\/#primaryimage\"},\"image\":{\"@id\":\"https:\/\/athletes.ch\/fr\/projektwoche-semaine-de-projet\/#primaryimage\"},\"thumbnailUrl\":\"https:\/\/athletes.ch\/wp-content\/uploads\/2024\/10\/projektwoche-aia-770x1024.png\",\"datePublished\":\"2024-09-13T08:36:56+00:00\",\"dateModified\":\"2025-10-02T06:42:41+00:00\",\"description\":\"Une semaine r\u00e9gionale pour les enfants et les adolescents \u00e2g\u00e9s de 6 \u00e0 16 ans. Diff\u00e9rents camps sont propos\u00e9s. Viens jeter un \u0153il !\",\"breadcrumb\":{\"@id\":\"https:\/\/athletes.ch\/fr\/projektwoche-semaine-de-projet\/#breadcrumb\"},\"inLanguage\":\"fr-FR\",\"potentialAction\":[{\"@type\":\"ReadAction\",\"target\":[\"https:\/\/athletes.ch\/fr\/projektwoche-semaine-de-projet\/\"]}]},{\"@type\":\"ImageObject\",\"inLanguage\":\"fr-FR\",\"@id\":\"https:\/\/athletes.ch\/fr\/projektwoche-semaine-de-projet\/#primaryimage\",\"url\":\"https:\/\/athletes.ch\/wp-content\/uploads\/2024\/10\/projektwoche-aia-770x1024.png\",\"contentUrl\":\"https:\/\/athletes.ch\/wp-content\/uploads\/2024\/10\/projektwoche-aia-770x1024.png\"},{\"@type\":\"BreadcrumbList\",\"@id\":\"https:\/\/athletes.ch\/fr\/projektwoche-semaine-de-projet\/#breadcrumb\",\"itemListElement\":[{\"@type\":\"ListItem\",\"position\":1,\"name\":\"Startseite\",\"item\":\"https:\/\/athletes.ch\/fr\/\"},{\"@type\":\"ListItem\",\"position\":2,\"name\":\"Projektwoche (semaine de projet)\"}]},{\"@type\":\"WebSite\",\"@id\":\"https:\/\/athletes.ch\/fr\/#website\",\"url\":\"https:\/\/athletes.ch\/fr\/\",\"name\":\"Athletes in Action\",\"description\":\"Eine internationale, christliche Sportorganisation, die Menschen im Sport in Lebens- und Glaubensfragen unterst\u00fctzt.\",\"publisher\":{\"@id\":\"https:\/\/athletes.ch\/fr\/#organization\"},\"potentialAction\":[{\"@type\":\"SearchAction\",\"target\":{\"@type\":\"EntryPoint\",\"urlTemplate\":\"https:\/\/athletes.ch\/fr\/?s={search_term_string}\"},\"query-input\":{\"@type\":\"PropertyValueSpecification\",\"valueRequired\":true,\"valueName\":\"search_term_string\"}}],\"inLanguage\":\"fr-FR\"},{\"@type\":\"Organization\",\"@id\":\"https:\/\/athletes.ch\/fr\/#organization\",\"name\":\"Athletes in Action\",\"url\":\"https:\/\/athletes.ch\/fr\/\",\"logo\":{\"@type\":\"ImageObject\",\"inLanguage\":\"fr-FR\",\"@id\":\"https:\/\/athletes.ch\/fr\/#\/schema\/logo\/image\/\",\"url\":\"https:\/\/athletes.ch\/wp-content\/uploads\/2024\/09\/AiA_Logo_blau_RGB.svg\",\"contentUrl\":\"https:\/\/athletes.ch\/wp-content\/uploads\/2024\/09\/AiA_Logo_blau_RGB.svg\",\"width\":578,\"height\":259,\"caption\":\"Athletes in Action\"},\"image\":{\"@id\":\"https:\/\/athletes.ch\/fr\/#\/schema\/logo\/image\/\"},\"sameAs\":[\"https:\/\/www.instagram.com\/athletes.in.action\/\",\"https:\/\/www.youtube.com\/@aiaschweiz\"]}]}<\/script>\n<!-- \/ Yoast SEO plugin. -->","yoast_head_json":{"title":"Projektwoche (semaine de projet) - Athletes in Action","description":"Une semaine r\u00e9gionale pour les enfants et les adolescents \u00e2g\u00e9s de 6 \u00e0 16 ans. Diff\u00e9rents camps sont propos\u00e9s. Viens jeter un \u0153il !","robots":{"index":"index","follow":"follow","max-snippet":"max-snippet:-1","max-image-preview":"max-image-preview:large","max-video-preview":"max-video-preview:-1"},"canonical":"https:\/\/athletes.ch\/fr\/projektwoche-semaine-de-projet\/","og_locale":"fr_FR","og_type":"article","og_title":"Projektwoche (semaine de projet) - Athletes in Action","og_description":"Une semaine r\u00e9gionale pour les enfants et les adolescents \u00e2g\u00e9s de 6 \u00e0 16 ans. Diff\u00e9rents camps sont propos\u00e9s. Viens jeter un \u0153il !","og_url":"https:\/\/athletes.ch\/fr\/projektwoche-semaine-de-projet\/","og_site_name":"Athletes in Action","article_modified_time":"2025-10-02T06:42:41+00:00","og_image":[{"width":1310,"height":1742,"url":"https:\/\/athletes.ch\/wp-content\/uploads\/2024\/10\/projektwoche-aia.png","type":"image\/png"}],"twitter_card":"summary_large_image","twitter_misc":{"Dur\u00e9e de lecture estim\u00e9e":"2 minutes"},"schema":{"@context":"https:\/\/schema.org","@graph":[{"@type":"WebPage","@id":"https:\/\/athletes.ch\/fr\/projektwoche-semaine-de-projet\/","url":"https:\/\/athletes.ch\/fr\/projektwoche-semaine-de-projet\/","name":"Projektwoche (semaine de projet) - Athletes in Action","isPartOf":{"@id":"https:\/\/athletes.ch\/fr\/#website"},"primaryImageOfPage":{"@id":"https:\/\/athletes.ch\/fr\/projektwoche-semaine-de-projet\/#primaryimage"},"image":{"@id":"https:\/\/athletes.ch\/fr\/projektwoche-semaine-de-projet\/#primaryimage"},"thumbnailUrl":"https:\/\/athletes.ch\/wp-content\/uploads\/2024\/10\/projektwoche-aia-770x1024.png","datePublished":"2024-09-13T08:36:56+00:00","dateModified":"2025-10-02T06:42:41+00:00","description":"Une semaine r\u00e9gionale pour les enfants et les adolescents \u00e2g\u00e9s de 6 \u00e0 16 ans. Diff\u00e9rents camps sont propos\u00e9s. Viens jeter un \u0153il !","breadcrumb":{"@id":"https:\/\/athletes.ch\/fr\/projektwoche-semaine-de-projet\/#breadcrumb"},"inLanguage":"fr-FR","potentialAction":[{"@type":"ReadAction","target":["https:\/\/athletes.ch\/fr\/projektwoche-semaine-de-projet\/"]}]},{"@type":"ImageObject","inLanguage":"fr-FR","@id":"https:\/\/athletes.ch\/fr\/projektwoche-semaine-de-projet\/#primaryimage","url":"https:\/\/athletes.ch\/wp-content\/uploads\/2024\/10\/projektwoche-aia-770x1024.png","contentUrl":"https:\/\/athletes.ch\/wp-content\/uploads\/2024\/10\/projektwoche-aia-770x1024.png"},{"@type":"BreadcrumbList","@id":"https:\/\/athletes.ch\/fr\/projektwoche-semaine-de-projet\/#breadcrumb","itemListElement":[{"@type":"ListItem","position":1,"name":"Startseite","item":"https:\/\/athletes.ch\/fr\/"},{"@type":"ListItem","position":2,"name":"Projektwoche (semaine de projet)"}]},{"@type":"WebSite","@id":"https:\/\/athletes.ch\/fr\/#website","url":"https:\/\/athletes.ch\/fr\/","name":"Athletes in Action","description":"Eine internationale, christliche Sportorganisation, die Menschen im Sport in Lebens- und Glaubensfragen unterst\u00fctzt.","publisher":{"@id":"https:\/\/athletes.ch\/fr\/#organization"},"potentialAction":[{"@type":"SearchAction","target":{"@type":"EntryPoint","urlTemplate":"https:\/\/athletes.ch\/fr\/?s={search_term_string}"},"query-input":{"@type":"PropertyValueSpecification","valueRequired":true,"valueName":"search_term_string"}}],"inLanguage":"fr-FR"},{"@type":"Organization","@id":"https:\/\/athletes.ch\/fr\/#organization","name":"Athletes in Action","url":"https:\/\/athletes.ch\/fr\/","logo":{"@type":"ImageObject","inLanguage":"fr-FR","@id":"https:\/\/athletes.ch\/fr\/#\/schema\/logo\/image\/","url":"https:\/\/athletes.ch\/wp-content\/uploads\/2024\/09\/AiA_Logo_blau_RGB.svg","contentUrl":"https:\/\/athletes.ch\/wp-content\/uploads\/2024\/09\/AiA_Logo_blau_RGB.svg","width":578,"height":259,"caption":"Athletes in Action"},"image":{"@id":"https:\/\/athletes.ch\/fr\/#\/schema\/logo\/image\/"},"sameAs":["https:\/\/www.instagram.com\/athletes.in.action\/","https:\/\/www.youtube.com\/@aiaschweiz"]}]}},"_links":{"self":[{"href":"https:\/\/athletes.ch\/fr\/wp-json\/wp\/v2\/pages\/5869","targetHints":{"allow":["GET"]}}],"collection":[{"href":"https:\/\/athletes.ch\/fr\/wp-json\/wp\/v2\/pages"}],"about":[{"href":"https:\/\/athletes.ch\/fr\/wp-json\/wp\/v2\/types\/page"}],"author":[{"embeddable":true,"href":"https:\/\/athletes.ch\/fr\/wp-json\/wp\/v2\/users\/1"}],"replies":[{"embeddable":true,"href":"https:\/\/athletes.ch\/fr\/wp-json\/wp\/v2\/comments?post=5869"}],"version-history":[{"count":0,"href":"https:\/\/athletes.ch\/fr\/wp-json\/wp\/v2\/pages\/5869\/revisions"}],"wp:attachment":[{"href":"https:\/\/athletes.ch\/fr\/wp-json\/wp\/v2\/media?parent=5869"}],"curies":[{"name":"wp","href":"https:\/\/api.w.org\/{rel}","templated":true}]}}